{"id":12870,"date":"2022-10-19T20:55:54","date_gmt":"2022-10-20T02:55:54","guid":{"rendered":"http:\/\/edmontonfusionfc.com\/?page_id=12870"},"modified":"2022-10-20T16:33:22","modified_gmt":"2022-10-20T22:33:22","slug":"candidature-conseil-dadministration","status":"publish","type":"page","link":"https:\/\/edmontonfusionfc.com\/fr\/candidature-conseil-dadministration\/","title":{"rendered":"Candidature \u2013 Conseil d\u2019administration"},"content":{"rendered":"<p><div class=\"fusion-fullwidth fullwidth-box fusion-builder-row-1 nonhundred-percent-fullwidth non-hundred-percent-height-scrolling\" style=\"background-color: #ffffff;background-image:linear-gradient(70deg, rgba(0,93,195,0.18) 0%,rgba(255,255,255,0) 45%);background-position: center center;background-repeat: no-repeat;padding-top:0px;padding-right:0px;padding-bottom:0px;padding-left:0px;margin-bottom: 0px;border-width: 1.5px 0px 1px 0px;border-color:#dfbb6f;border-style:solid;\" ><div class=\"fusion-builder-row fusion-row\"><div class=\"fusion-layout-column fusion_builder_column fusion-builder-column-0 fusion_builder_column_1_2 1_2 fusion-one-half fusion-column-first\" style=\"width:50%;width:calc(50% - ( ( -15% ) * 0.5 ) );margin-right: -15%;margin-top:0px;margin-bottom:0px;\"><div class=\"fusion-column-wrapper fusion-flex-column-wrapper-legacy\" style=\"background-position:left top;background-repeat:no-repeat;-webkit-background-size:cover;-moz-background-size:cover;-o-background-size:cover;background-size:cover;padding: 0px 0px 0px 0px;\"><div class=\"fusion-text fusion-text-1\" style=\"margin-top:25px;\"><h3 class=\"fusion-responsive-typography-calculated\" style=\"text-align: center; --fontsize: 34; line-height: 1.47;\" data-fontsize=\"34\" data-lineheight=\"49.98px\"><em>Aller de l\u2019avant. Ensemble.<\/em><\/h3>\n<\/div><div class=\"fusion-text fusion-text-2\" style=\"margin-top:-35px;\"><h4 style=\"text-align: center;\">Partenaires principaux.<\/h4>\n<\/div><div class=\"fusion-clearfix\"><\/div><\/div><\/div><div class=\"fusion-layout-column fusion_builder_column fusion-builder-column-1 fusion_builder_column_1_3 1_3 fusion-one-third fusion-column-last\" style=\"width:33.333333333333%;width:calc(33.333333333333% - ( ( -15% ) * 0.33333333333333 ) );margin-top:0px;margin-bottom:0px;\"><div class=\"fusion-column-wrapper fusion-flex-column-wrapper-legacy\" style=\"background-position:left top;background-repeat:no-repeat;-webkit-background-size:cover;-moz-background-size:cover;-o-background-size:cover;background-size:cover;padding: 0px 0px 0px 0px;\"><div class=\"fusion-sep-clear\"><\/div><div class=\"fusion-separator fusion-full-width-sep\" style=\"margin-left: auto;margin-right: auto;margin-top:10px;width:100%;\"><\/div><div class=\"fusion-sep-clear\"><\/div><div class=\"lshowcase-clear-both\">&nbsp;<\/div><div class=\"lshowcase-logos \"><div style='display:none;' class='lshowcase-wrap-carousel-0' ><div data-entry-id=\"6903\" class=\"lshowcase-slide lshowcase-horizontal-slide lshowcase-thumb lshowcase-hover-grayscale\"><a href='https:\/\/www.ualberta.ca\/campus-saint-jean' target='_blank' ><img data-no-lazy='1' data-original-title='Campus Saint-Jean' data-entry-id='6903' src='https:\/\/edmontonfusionfc.com\/wp-content\/uploads\/Universite-de-lAlberta-fr_Edmonton-Fusion-FC.jpg'  width='80'  height = '80'  alt='Campus Saint-Jean' title='' class='lshowcase-thumb'  style='height:auto; max-width:50%;' \/><\/a><\/div><div data-entry-id=\"8664\" class=\"lshowcase-slide lshowcase-horizontal-slide lshowcase-thumb lshowcase-hover-grayscale\"><img data-no-lazy='1' data-original-title='KDJ Construction' data-entry-id='8664' src='https:\/\/edmontonfusionfc.com\/wp-content\/uploads\/4.jpg'  width='80'  height = '80'  alt='KDJ Construction' title='' class='lshowcase-thumb' style='height:auto; max-width:53%;' \/><\/div><div data-entry-id=\"8665\" class=\"lshowcase-slide lshowcase-horizontal-slide lshowcase-thumb lshowcase-hover-grayscale\"><a href='http:\/\/www.frenchquarteredmonton.ca\/' target='_blank' ><img data-no-lazy='1' data-original-title='French Quarter' data-entry-id='8665' src='https:\/\/edmontonfusionfc.com\/wp-content\/uploads\/French-Quarter.jpg'  width='80'  height = '80'  alt='French Quarter' title='' class='lshowcase-thumb'  style='height:auto; max-width:51%;' \/><\/a><\/div><div data-entry-id=\"8666\" class=\"lshowcase-slide lshowcase-horizontal-slide lshowcase-thumb lshowcase-hover-grayscale\"><a href='https:\/\/marioglass.ca\/' target='_blank' ><img data-no-lazy='1' data-original-title='Mario Glass' data-entry-id='8666' src='https:\/\/edmontonfusionfc.com\/wp-content\/uploads\/Mario-Glass.jpg'  width='80'  height = '80'  alt='Mario Glass' title='' class='lshowcase-thumb'  style='height:auto; max-width:50%;' \/><\/a><\/div><div data-entry-id=\"13266\" class=\"lshowcase-slide lshowcase-horizontal-slide lshowcase-thumb lshowcase-hover-grayscale\"><a href='https:\/\/markanyx.ca\/' target='_blank' ><img data-no-lazy='1' data-original-title='Markanyx' data-entry-id='13266' src='https:\/\/edmontonfusionfc.com\/wp-content\/uploads\/Markanyx-logo.jpg'  width='80'  height = '80'  alt='Markanyx' title='' class='lshowcase-thumb'   \/><\/a><\/div><\/div><\/div><div class=\"lshowcase-clear-both\">&nbsp;<\/div><div class=\"fusion-clearfix\"><\/div><\/div><\/div><\/div><\/div>\n<div class=\"fusion-fullwidth fullwidth-box fusion-builder-row-2 nonhundred-percent-fullwidth non-hundred-percent-height-scrolling\" style=\"background-color: #ffffff;background-position: center center;background-repeat: no-repeat;padding-top:0px;padding-right:0px;padding-bottom:0px;padding-left:0px;margin-bottom: 0px;margin-top: 0px;border-width: 0px 0px 0px 0px;border-color:#dd3333;border-style:solid;\" ><div class=\"fusion-builder-row fusion-row\"><div class=\"fusion-layout-column fusion_builder_column fusion-builder-column-2 fusion_builder_column_1_1 1_1 fusion-one-full fusion-column-first fusion-column-last\" style=\"margin-top:10px;margin-bottom:10px;\"><div class=\"fusion-column-wrapper fusion-flex-column-wrapper-legacy\" style=\"background-position:left top;background-repeat:no-repeat;-webkit-background-size:cover;-moz-background-size:cover;-o-background-size:cover;background-size:cover;padding: 0px 0px 0px 0px;\"><div class=\"fusion-widget-area fusion-widget-area-1 fusion-content-widget-area\"><style type=\"text\/css\">.fusion-widget-area-1 {background-color:rgba(221,0,0,0.05);}.fusion-widget-area-1 {padding:0px 0px 0px 0px;}.fusion-widget-area-1 .widget h4 {color:#000000;}.fusion-widget-area-1 .widget .heading h4 {color:#000000;}.fusion-widget-area-1 .widget h4 {font-size:18px;}.fusion-widget-area-1 .widget .heading h4 {font-size:18px;}<\/style><div class=\"fusion-additional-widget-content\"><\/div><\/div><div class=\"fusion-clearfix\"><\/div><\/div><\/div><\/div><\/div>\n<div class=\"fusion-fullwidth fullwidth-box fusion-builder-row-3 nonhundred-percent-fullwidth non-hundred-percent-height-scrolling\" style=\"background-color: #ffffff;background-position: left top;background-repeat: no-repeat;padding-top:0px;padding-right:0px;padding-bottom:0px;padding-left:0px;margin-bottom: 0px;margin-top: 0px;border-width: 0px 0px 0px 0px;border-color:#eae9e9;border-style:solid;\" ><div class=\"fusion-builder-row fusion-row\"><div class=\"fusion-layout-column fusion_builder_column fusion-builder-column-3 fusion_builder_column_1_1 1_1 fusion-one-full fusion-column-first fusion-column-last\" style=\"margin-top:10px;margin-bottom:30px;\"><div class=\"fusion-column-wrapper fusion-flex-column-wrapper-legacy\" style=\"background-position:left top;background-repeat:no-repeat;-webkit-background-size:cover;-moz-background-size:cover;-o-background-size:cover;background-size:cover;padding: 0px 0px 0px 0px;\"><div class=\"fusion-text fusion-text-3\"><h2 style=\"text-align: center;\">Int\u00e9grez un conseil d&rsquo;administration passionn\u00e9 et engag\u00e9 pour le d\u00e9veloppement du soccer \u00e0 Edmonton.<\/h2>\n<\/div><div class=\"fusion-text fusion-text-4\"><p style=\"text-align: center; font-size: 20px;\">En coll\u00e9gialit\u00e9 avec des administratrices et des administrateurs engag\u00e9s, aux profils et aux parcours vari\u00e9s, vous mettrez votre expertise et passion du soccer au b\u00e9n\u00e9fice d\u2019un club unique \u00e0 Edmonton qui rejoint vos valeurs et vos aspirations afin d\u2019apporter un impact positif \u00e0 notre communaut\u00e9. Les membres du conseil d\u2019administration accompagnent le Edmonton Fusion FC dans le d\u00e9veloppement de ses activit\u00e9s d\u00e9ploy\u00e9es par une approche innovante et strat\u00e9gique.<\/p>\n<\/div><div class=\"fusion-sep-clear\"><\/div><div class=\"fusion-separator\" style=\"margin-left: auto;margin-right: auto;margin-top:15px;margin-bottom:35px;width:100%;max-width:170px;\"><div class=\"fusion-separator-border sep-single sep-solid\" style=\"border-color:#dfbb6f;border-top-width:1px;\"><\/div><\/div><div class=\"fusion-sep-clear\"><\/div><div class=\"fusion-sep-clear\"><\/div><div class=\"fusion-separator fusion-full-width-sep\" style=\"margin-left: auto;margin-right: auto;margin-top:10px;margin-bottom:20px;width:100%;\"><\/div><div class=\"fusion-sep-clear\"><\/div><div class=\"fusion-clearfix\"><\/div><\/div><\/div><div class=\"fusion-layout-column fusion_builder_column fusion-builder-column-4 fusion_builder_column_1_2 1_2 fusion-one-half fusion-column-first\" style=\"width:50%;width:calc(50% - ( ( 4% ) * 0.5 ) );margin-right: 4%;margin-top:10px;margin-bottom:10px;\"><div class=\"fusion-column-wrapper fusion-flex-column-wrapper-legacy\" style=\"background-position:left top;background-repeat:no-repeat;-webkit-background-size:cover;-moz-background-size:cover;-o-background-size:cover;background-size:cover;padding: 0px 0px 0px 0px;\"><span class=\" fusion-imageframe imageframe-dropshadow imageframe-1 hover-type-none\" style=\"-webkit-box-shadow: 3px 3px 7px rgba(0,0,0,0.3);box-shadow: 3px 3px 7px rgba(0,0,0,0.3);\"><img decoding=\"async\" width=\"590\" height=\"600\" title=\"Edmonton Fusion on CBC\" data-src=\"http:\/\/edmontonfusionfc.com\/wp-content\/uploads\/Edmonton-Fusion-on-CBC.jpg\" class=\"img-responsive wp-image-8128 lazyload\" data-srcset=\"https:\/\/edmontonfusionfc.com\/wp-content\/uploads\/Edmonton-Fusion-on-CBC-295x300.jpg 295w, https:\/\/edmontonfusionfc.com\/wp-content\/uploads\/Edmonton-Fusion-on-CBC-500x508.jpg 500w, https:\/\/edmontonfusionfc.com\/wp-content\/uploads\/Edmonton-Fusion-on-CBC.jpg 590w, https:\/\/edmontonfusionfc.com\/wp-content\/uploads\/Edmonton-Fusion-on-CBC-768x781.jpg 768w, https:\/\/edmontonfusionfc.com\/wp-content\/uploads\/Edmonton-Fusion-on-CBC-1006x1024.jpg 1006w\" data-sizes=\"(max-width: 590px) 100vw, 590px\" src=\"data:image\/svg+xml;base64,PHN2ZyB3aWR0aD0iMSIgaGVpZ2h0PSIxIiB4bWxucz0iaHR0cDovL3d3dy53My5vcmcvMjAwMC9zdmciPjwvc3ZnPg==\" style=\"--smush-placeholder-width: 590px; --smush-placeholder-aspect-ratio: 590\/600;\" \/><\/span><div class=\"fusion-clearfix\"><\/div><\/div><\/div><div class=\"fusion-layout-column fusion_builder_column fusion-builder-column-5 fusion_builder_column_1_2 1_2 fusion-one-half fusion-column-last\" style=\"width:50%;width:calc(50% - ( ( 4% ) * 0.5 ) );margin-top:10px;margin-bottom:10px;\"><div class=\"fusion-column-wrapper fusion-flex-column-wrapper-legacy\" style=\"background-position:left top;background-repeat:no-repeat;-webkit-background-size:cover;-moz-background-size:cover;-o-background-size:cover;background-size:cover;padding: 0px 0px 0px 0px;\"><div class=\"fusion-text fusion-text-5\"><p><span style=\"font-weight: 400;\"> Le Edmonton Fusion FC croit que le croisement d\u2019expertises et d\u2019exp\u00e9riences vari\u00e9es peut favoriser l\u2019innovation et que celle-ci peut \u00e9merger de tous les secteurs. Le club appr\u00e9cie donc la contribution des personnes issues de communaut\u00e9s vari\u00e9es et aspire \u00e0 ce que le profil sociod\u00e9mographique des membres de son conseil d\u2019administration refl\u00e8te la diversit\u00e9 de notre ville.<\/span><\/p>\n<p><span style=\"font-weight: 400;\">Consultez la foire aux questions (FAQ) plus bas<\/span><span style=\"font-weight: 400;\"> pour en savoir davantage sur le r\u00f4le que vous aurez \u00e0 jouer en tant que membre du conseil d&rsquo;administration du Edmonton Fusion FC, les profils recherch\u00e9s, et le processus de soumission et de s\u00e9lection.<\/span><\/p>\n<p>Merci de t\u00e9l\u00e9charger le formulaire de candidature ci-dessous, et de nous le retourner aux coordonn\u00e9es indiqu\u00e9es sur le document.<\/p>\n<\/div><div class=\"fusion-align-block\"><style type=\"text\/css\">.fusion-button.button-1 {border-radius:0px;}.fusion-button.button-1 .fusion-button-text {text-transform:uppercase;}<\/style><a class=\"fusion-button button-flat fusion-button-default-size button-default button-1 fusion-button-default-span fusion-button-default-type\" target=\"_self\" href=\"https:\/\/docs.google.com\/document\/d\/1CRDoONPkMJH9xFInTu7SYghPr51Dg6F871Zcha6spSM\/edit?usp=sharing\"><i class=\"fa-cloud-download-alt fas button-icon-left\" aria-hidden=\"true\"><\/i><span class=\"fusion-button-text\">T\u00e9l\u00e9charger le formulaire de candidature<\/span><\/a><\/div><div class=\"fusion-clearfix\"><\/div><\/div><\/div><\/div><\/div><div class=\"fusion-fullwidth fullwidth-box fusion-builder-row-4 fusion-flex-container nonhundred-percent-fullwidth non-hundred-percent-height-scrolling\" style=\"background-color: #ffffff;background-position: center center;background-repeat: no-repeat;border-width: 0px 0px 0px 0px;border-color:#eae9e9;border-style:solid;\" ><div class=\"fusion-builder-row fusion-row fusion-flex-align-items-flex-start\" style=\"max-width:1331.2px;margin-left: calc(-4% \/ 2 );margin-right: calc(-4% \/ 2 );\"><div class=\"fusion-layout-column fusion_builder_column fusion-builder-column-6 fusion_builder_column_1_1 1_1 fusion-flex-column\"><div class=\"fusion-column-wrapper fusion-flex-justify-content-flex-start fusion-content-layout-column\" style=\"background-position:left top;background-repeat:no-repeat;-webkit-background-size:cover;-moz-background-size:cover;-o-background-size:cover;background-size:cover;padding: 0px 0px 0px 0px;\"><div class=\"fusion-text fusion-text-6\"><h2>Foire aux questions<\/h2>\n<\/div><style type=\"text\/css\">#accordion-13266-1 .fusion-panel:hover, #accordion-13266-1 .fusion-panel.hover{ background-color: #f9f9fb } #accordion-13266-1 .fusion-panel { border-color:#e2e2e2; border-width:1px; background-color:#ffffff; }.fusion-accordian  #accordion-13266-1 .panel-title a .fa-fusion-box{ color: #ffffff;}.fusion-accordian  #accordion-13266-1 .panel-title a .fa-fusion-box:before{ font-size: 16px; width: 16px;}.fusion-accordian  #accordion-13266-1 .panel-title a{font-size:15px;}.fusion-accordian  #accordion-13266-1 .fa-fusion-box { background-color: #333333;border-color: #333333;}.fusion-accordian  #accordion-13266-1 .panel-title a:hover, #accordion-13266-1 .fusion-toggle-boxed-mode:hover .panel-title a { color: #005dc3;}.fusion-accordian  #accordion-13266-1 .panel-title .active .fa-fusion-box,.fusion-accordian  #accordion-13266-1 .panel-title a:hover .fa-fusion-box { background-color: #005dc3!important;border-color: #005dc3!important;}<\/style><div class=\"accordian fusion-accordian\"><div class=\"panel-group\" id=\"accordion-13266-1\"><div class=\"fusion-panel panel-default fusion-toggle-no-divider fusion-toggle-boxed-mode\"><div class=\"panel-heading\"><h4 class=\"panel-title toggle\"><a aria-expanded=\"false\" aria-controls=\"dafc497a2a30510a7\" role=\"button\" data-toggle=\"collapse\" data-target=\"#dafc497a2a30510a7\" href=\"#dafc497a2a30510a7\"><span class=\"fusion-toggle-icon-wrapper\" aria-hidden=\"true\"><i class=\"fa-fusion-box\" aria-hidden=\"true\"><\/i><\/span><span class=\"fusion-toggle-heading\">Quelles sont les comp\u00e9tences requises pour si\u00e9ger au CA du Edmonton Fusion FC?<\/span><\/a><\/h4><\/div><div id=\"dafc497a2a30510a7\" class=\"panel-collapse collapse \"><div class=\"panel-body toggle-content fusion-clearfix\">\n<p>Nous sommes \u00e0 la recherche d\u2019administratrices et d\u2019administrateurs b\u00e9n\u00e9voles qui ont:<\/p>\n<ul>\n<li aria-level=\"1\">Des aptitudes en r\u00e9solution de probl\u00e8me,<\/li>\n<li aria-level=\"1\">Avoir une connaissance du soccer et de son d\u00e9veloppement,<\/li>\n<li aria-level=\"1\">Une habilet\u00e9 \u00e0 travailler en groupe,<\/li>\n<li aria-level=\"1\">La capacit\u00e9 \u00e0 adopter une perspective strat\u00e9gique,<\/li>\n<li aria-level=\"1\">D\u2019excellentes habilet\u00e9s en communication.<\/li>\n<\/ul>\n<\/div><\/div><\/div><div class=\"fusion-panel panel-default fusion-toggle-no-divider fusion-toggle-boxed-mode\"><div class=\"panel-heading\"><h4 class=\"panel-title toggle\"><a aria-expanded=\"false\" aria-controls=\"9b3f035499cd9e087\" role=\"button\" data-toggle=\"collapse\" data-target=\"#9b3f035499cd9e087\" href=\"#9b3f035499cd9e087\"><span class=\"fusion-toggle-icon-wrapper\" aria-hidden=\"true\"><i class=\"fa-fusion-box\" aria-hidden=\"true\"><\/i><\/span><span class=\"fusion-toggle-heading\">Quels sont les crit\u00e8res pour soumettre une candidature?<\/span><\/a><\/h4><\/div><div id=\"9b3f035499cd9e087\" class=\"panel-collapse collapse \"><div class=\"panel-body toggle-content fusion-clearfix\">\n<p>Certains crit\u00e8res de bases sont \u00e0 consid\u00e9rer lors du d\u00e9p\u00f4t de votre candidature:<\/p>\n<ul>\n<li aria-level=\"1\">Avoir la volont\u00e9 de vous engager et de mobiliser vos comp\u00e9tences et votre expertise au b\u00e9n\u00e9fice du Edmonton Fusion FC et en \u00e9quipe avec les autres membres du CA.<\/li>\n<li aria-level=\"1\">Avoir une ma\u00eetrise du fran\u00e7ais et de l\u2019anglais suffisante vous permettant de contribuer \u00e0 une conversation de groupe et de lire les documents destin\u00e9s aux membres du conseil d\u2019administration. Cependant, aucune comp\u00e9tence r\u00e9dactionnelle n\u2019est requise.<\/li>\n<li aria-level=\"1\">\u00catre suffisamment disponible pour prendre part \u00e0 la majorit\u00e9 des rencontres du CA au courant de l\u2019ann\u00e9e ainsi qu\u2019\u00e0 l\u2019assembl\u00e9e g\u00e9n\u00e9rale annuelle.<\/li>\n<li aria-level=\"1\">\u00catre en mesure de vous d\u00e9placer \u00e0 certaines activit\u00e9s du Edmonton Fusion FC pour appuyer les initiatives \u00absur le terrain\u00bb occasionnellement.<\/li>\n<\/ul>\n<\/div><\/div><\/div><div class=\"fusion-panel panel-default fusion-toggle-no-divider fusion-toggle-boxed-mode\"><div class=\"panel-heading\"><h4 class=\"panel-title toggle\"><a aria-expanded=\"false\" aria-controls=\"193740f730e87ab55\" role=\"button\" data-toggle=\"collapse\" data-target=\"#193740f730e87ab55\" href=\"#193740f730e87ab55\"><span class=\"fusion-toggle-icon-wrapper\" aria-hidden=\"true\"><i class=\"fa-fusion-box\" aria-hidden=\"true\"><\/i><\/span><span class=\"fusion-toggle-heading\">Que repr\u00e9sente un tel engagement?<\/span><\/a><\/h4><\/div><div id=\"193740f730e87ab55\" class=\"panel-collapse collapse \"><div class=\"panel-body toggle-content fusion-clearfix\">\n<ul>\n<li aria-level=\"1\">En tant que membre du CA, vous accepterez un mandat d\u2019une dur\u00e9e de deux ans selon le poste occup\u00e9, sur une base b\u00e9n\u00e9vole. Ce mandat est renouvelable.<\/li>\n<li aria-level=\"1\">Les membres du CA se rassemblent en trois \u00e0 quatre fois par an pour des rencontres qui durent entre une heure et deux heures et doivent aussi assurer leur participation \u00e0 l\u2019assembl\u00e9e g\u00e9n\u00e9rale annuelle.<\/li>\n<li aria-level=\"1\">Les membres peuvent \u00eatre invit\u00e9s au fil de leur mandat \u00e0 occuper un si\u00e8ge sur un comit\u00e9 de travail du CA pour le d\u00e9veloppement de projets sp\u00e9cifiques. Le nombre et la dur\u00e9e des rencontres consacr\u00e9es au travail en comit\u00e9 peuvent varier.<\/li>\n<li aria-level=\"1\">Pour bien jouer son r\u00f4le au sein du CA, il importe de pr\u00e9voir du temps \u00e0 la pr\u00e9paration des rencontres et demeurer \u00e0 l\u2019aff\u00fbt des activit\u00e9s du Edmonton Fusion FC.<\/li>\n<\/ul>\n<\/div><\/div><\/div><div class=\"fusion-panel panel-default fusion-toggle-no-divider fusion-toggle-boxed-mode\"><div class=\"panel-heading\"><h4 class=\"panel-title toggle\"><a aria-expanded=\"false\" aria-controls=\"57821d52c70ec0165\" role=\"button\" data-toggle=\"collapse\" data-target=\"#57821d52c70ec0165\" href=\"#57821d52c70ec0165\"><span class=\"fusion-toggle-icon-wrapper\" aria-hidden=\"true\"><i class=\"fa-fusion-box\" aria-hidden=\"true\"><\/i><\/span><span class=\"fusion-toggle-heading\">Quel est le processus de s\u00e9lection?<\/span><\/a><\/h4><\/div><div id=\"57821d52c70ec0165\" class=\"panel-collapse collapse \"><div class=\"panel-body toggle-content fusion-clearfix\">\n<p>Le Edmonton Fusion FC conservera votre candidature spontan\u00e9e dans une banque visant \u00e0 r\u00e9pondre \u00e0 ses besoins en mati\u00e8re de gouvernance sur une base continue. Le processus de s\u00e9lection des candidats et candidates se d\u00e9roule comme suit:<\/p>\n<ul>\n<li aria-level=\"1\">Un comit\u00e9 proc\u00e8dera \u00e0 l\u2019analyse des candidatures re\u00e7ues. Les candidates et candidats pourront \u00eatre convoqu\u00e9s pour une entrevue en visioconf\u00e9rence.<\/li>\n<li aria-level=\"1\">Le comit\u00e9 formule des recommandations au conseil d\u2019administration.<\/li>\n<li aria-level=\"1\">Lors de l\u2019Assembl\u00e9e g\u00e9n\u00e9rale annuelle (AGA), le CA recommande les candidatures retenues, et les membres de l\u2019assembl\u00e9e proc\u00e8dent au vote pour l\u2019\u00e9lection des nouvelles administratrices et nouveaux administrateurs.<\/li>\n<\/ul>\n<\/div><\/div><\/div><div class=\"fusion-panel panel-default fusion-toggle-no-divider fusion-toggle-boxed-mode\"><div class=\"panel-heading\"><h4 class=\"panel-title toggle\"><a aria-expanded=\"false\" aria-controls=\"cedc4186d7bc6d465\" role=\"button\" data-toggle=\"collapse\" data-target=\"#cedc4186d7bc6d465\" href=\"#cedc4186d7bc6d465\"><span class=\"fusion-toggle-icon-wrapper\" aria-hidden=\"true\"><i class=\"fa-fusion-box\" aria-hidden=\"true\"><\/i><\/span><span class=\"fusion-toggle-heading\">Comment en apprendre davantage sur le Edmonton Fusion FC et ses activit\u00e9s ?<\/span><\/a><\/h4><\/div><div id=\"cedc4186d7bc6d465\" class=\"panel-collapse collapse \"><div class=\"panel-body toggle-content fusion-clearfix\">\n<p>Nous vous invitons \u00e0 consulter notre site internet pour consulter nos programmes actuels, ainsi que nos r\u00e9seaux sociaux.<\/p>\n<\/div><\/div><\/div><\/div><\/div><\/div><style type=\"text\/css\">.fusion-body .fusion-builder-column-6{width:100% !important;margin-top : 10px;margin-bottom : 10px;}.fusion-builder-column-6 > .fusion-column-wrapper {padding-top : 0px !important;padding-right : 0px !important;margin-right : 1.92%;padding-bottom : 0px !important;padding-left : 0px !important;margin-left : 1.92%;}@media only screen and (max-width:1024px) {.fusion-body .fusion-builder-column-6{width:100% !important;order : 0;}.fusion-builder-column-6 > .fusion-column-wrapper {margin-right : 1.92%;margin-left : 1.92%;}}@media only screen and (max-width:640px) {.fusion-body .fusion-builder-column-6{width:100% !important;order : 0;}.fusion-builder-column-6 > .fusion-column-wrapper {margin-right : 1.92%;margin-left : 1.92%;}}<\/style><\/div><\/div><style type=\"text\/css\">.fusion-body .fusion-flex-container.fusion-builder-row-4{ padding-top : 0px;margin-top : 0px;padding-right : 0px;padding-bottom : 0px;margin-bottom : 0px;padding-left : 0px;}<\/style><\/div><div class=\"fusion-fullwidth fullwidth-box fusion-builder-row-5 nonhundred-percent-fullwidth non-hundred-percent-height-scrolling\" style=\"background-color: #ffffff;background-image:linear-gradient(0deg, rgba(0,114,186,0.68) 0%,rgba(255,255,255,0) 10%);background-position: center center;background-repeat: no-repeat;padding-top:-90px;padding-right:0px;padding-bottom:0px;padding-left:0px;margin-bottom: 0px;margin-top: 0px;border-width: 0px 0px 0px 0px;border-color:#e0dddb;border-style:solid;\" ><div class=\"fusion-builder-row fusion-row\"><div class=\"fusion-layout-column fusion_builder_column fusion-builder-column-7 fusion_builder_column_1_1 1_1 fusion-one-full fusion-column-first fusion-column-last\" style=\"margin-top:10px;margin-bottom:10px;\"><div class=\"fusion-column-wrapper fusion-flex-column-wrapper-legacy\" style=\"background-position:left top;background-repeat:no-repeat;-webkit-background-size:cover;-moz-background-size:cover;-o-background-size:cover;background-size:cover;padding: 0px 0px 0px 0px;\"><div class=\"fusion-sep-clear\"><\/div><div class=\"fusion-separator fusion-full-width-sep\" style=\"margin-left: auto;margin-right: auto;margin-top:50px;width:100%;\"><\/div><div class=\"fusion-sep-clear\"><\/div><div class=\"fusion-clearfix\"><\/div><\/div><\/div><\/div><\/div>\n<div class=\"fusion-fullwidth fullwidth-box fusion-builder-row-6 nonhundred-percent-fullwidth non-hundred-percent-height-scrolling\" style=\"background-color: #ffffff;background-image:linear-gradient(0deg, rgba(0,114,186,0.43) 0%,rgba(255,255,255,0) 2%);background-position: center center;background-repeat: no-repeat;box-shadow: 1px 1px 2px rgba(2,0,0,0.53);padding-top:11px;padding-right:0px;padding-bottom:0px;padding-left:0px;margin-bottom: 0px;margin-top: 0px;border-width: 0px 0px 0px 0px;border-color:#ffffff;border-style:solid;\" ><div class=\"fusion-builder-row fusion-row\"><div class=\"fusion-layout-column fusion_builder_column fusion-builder-column-8 fusion_builder_column_1_1 1_1 fusion-one-full fusion-column-first fusion-column-last\" style=\"margin-top:0px;margin-bottom:0px;\"><div class=\"fusion-column-wrapper fusion-flex-column-wrapper-legacy\" style=\"background-position:left top;background-repeat:no-repeat;-webkit-background-size:cover;-moz-background-size:cover;-o-background-size:cover;background-size:cover;border-width: 0 0 0 0;border-color:#ffffff;border-style:solid;padding: 0px 0px 0px 0px;\"><div class=\"fusion-column-content-centered\"><div class=\"fusion-column-content\"><div class=\"fusion-text fusion-text-7\"><h3 style=\"text-align: center;\">PARTENAIRES<\/h3>\n<\/div><div class=\"fusion-text fusion-text-8 fusion-text-no-margin\" style=\"margin-top:0px;margin-bottom:0px;\"><p style=\"text-align: center;\"><strong>\u2014 MAJEUR \u2014<\/strong><\/p>\n<div class=\"lshowcase-clear-both\">&nbsp;<\/div><div class=\"lshowcase-logos \"><div  ><div  data-entry-id='6903' class='lshowcase-thumb lshowcase-hover-grayscale lshowcase-wrap-normal ls-major-partners_bellow-header '><div style=\"padding:0%;\" class=\"lshowcase-box-normal\"><div class=\"lshowcase-boxInner-normal\" style=\"width:200px; text-align:center;\"><a href='https:\/\/www.ualberta.ca\/campus-saint-jean' target='_blank' ><img data-no-lazy='1' data-original-title='Campus Saint-Jean' data-entry-id='6903' src='https:\/\/edmontonfusionfc.com\/wp-content\/uploads\/Universite-de-lAlberta-fr_Edmonton-Fusion-FC.jpg'  width='80'  height = '80'  alt='Campus Saint-Jean' title='' class='lshowcase-thumb'  style='height:auto; max-width:50%;' \/><\/a><\/div><\/div><\/div><div  data-entry-id='8664' class='lshowcase-thumb lshowcase-hover-grayscale lshowcase-wrap-normal ls-major-partners_bellow-header '><div style=\"padding:0%;\" class=\"lshowcase-box-normal\"><div class=\"lshowcase-boxInner-normal\" style=\"width:200px; text-align:center;\"><img data-no-lazy='1' data-original-title='KDJ Construction' data-entry-id='8664' src='https:\/\/edmontonfusionfc.com\/wp-content\/uploads\/4.jpg'  width='80'  height = '80'  alt='KDJ Construction' title='' class='lshowcase-thumb' style='height:auto; max-width:53%;' \/><\/div><\/div><\/div><div  data-entry-id='8665' class='lshowcase-thumb lshowcase-hover-grayscale lshowcase-wrap-normal ls-major-partners_bellow-header '><div style=\"padding:0%;\" class=\"lshowcase-box-normal\"><div class=\"lshowcase-boxInner-normal\" style=\"width:200px; text-align:center;\"><a href='http:\/\/www.frenchquarteredmonton.ca\/' target='_blank' ><img data-no-lazy='1' data-original-title='French Quarter' data-entry-id='8665' src='https:\/\/edmontonfusionfc.com\/wp-content\/uploads\/French-Quarter.jpg'  width='80'  height = '80'  alt='French Quarter' title='' class='lshowcase-thumb'  style='height:auto; max-width:51%;' \/><\/a><\/div><\/div><\/div><div  data-entry-id='8666' class='lshowcase-thumb lshowcase-hover-grayscale lshowcase-wrap-normal ls-major-partners_bellow-header '><div style=\"padding:0%;\" class=\"lshowcase-box-normal\"><div class=\"lshowcase-boxInner-normal\" style=\"width:200px; text-align:center;\"><a href='https:\/\/marioglass.ca\/' target='_blank' ><img data-no-lazy='1' data-original-title='Mario Glass' data-entry-id='8666' src='https:\/\/edmontonfusionfc.com\/wp-content\/uploads\/Mario-Glass.jpg'  width='80'  height = '80'  alt='Mario Glass' title='' class='lshowcase-thumb'  style='height:auto; max-width:50%;' \/><\/a><\/div><\/div><\/div><div  data-entry-id='13266' class='lshowcase-thumb lshowcase-hover-grayscale lshowcase-wrap-normal ls-major-partners_bellow-header '><div style=\"padding:0%;\" class=\"lshowcase-box-normal\"><div class=\"lshowcase-boxInner-normal\" style=\"width:200px; text-align:center;\"><a href='https:\/\/markanyx.ca\/' target='_blank' ><img data-no-lazy='1' data-original-title='Markanyx' data-entry-id='13266' src='https:\/\/edmontonfusionfc.com\/wp-content\/uploads\/Markanyx-logo.jpg'  width='80'  height = '80'  alt='Markanyx' title='' class='lshowcase-thumb'   \/><\/a><\/div><\/div><\/div><\/div><\/div><div class=\"lshowcase-clear-both\">&nbsp;<\/div>\n<\/div><div class=\"fusion-text fusion-text-9 fusion-text-no-margin\" style=\"margin-top:0px;margin-bottom:0px;\"><p style=\"text-align: center;\"><strong>\u2014 PREMIUM \u2014<\/strong><\/p>\n<div class=\"lshowcase-clear-both\">&nbsp;<\/div><div class=\"lshowcase-logos \"><div  ><div  data-entry-id='6887' class='lshowcase-thumb lshowcase-hover-grayscale lshowcase-wrap-normal ls-premium-partners '><div style=\"padding:0%;\" class=\"lshowcase-box-normal\"><div class=\"lshowcase-boxInner-normal\" style=\"width:200px; text-align:center;\"><a href='https:\/\/bergeron-cpa.ca\/' target='_blank' ><img data-no-lazy='1' data-original-title='Bergeron &#038; Co.' data-entry-id='6887' src='https:\/\/edmontonfusionfc.com\/wp-content\/uploads\/BergeronCo.jpg'  width='80'  height = '80'  alt='Bergeron &#038; Co.' title='' class='lshowcase-thumb'  style='height:auto; max-width:68%;' \/><\/a><\/div><\/div><\/div><div  data-entry-id='9203' class='lshowcase-thumb lshowcase-hover-grayscale lshowcase-wrap-normal ls-premium-partners '><div style=\"padding:0%;\" class=\"lshowcase-box-normal\"><div class=\"lshowcase-boxInner-normal\" style=\"width:200px; text-align:center;\"><img data-no-lazy='1' data-original-title='Combined Insurance' data-entry-id='9203' src='https:\/\/edmontonfusionfc.com\/wp-content\/uploads\/Combined-Insurance.jpg'  width='80'  height = '80'  alt='Combined Insurance' title='' class='lshowcase-thumb' style='height:auto; max-width:57%;' \/><\/div><\/div><\/div><div  data-entry-id='10024' class='lshowcase-thumb lshowcase-hover-grayscale lshowcase-wrap-normal ls-premium-partners '><div style=\"padding:0%;\" class=\"lshowcase-box-normal\"><div class=\"lshowcase-boxInner-normal\" style=\"width:200px; text-align:center;\"><a href='https:\/\/lefranco.ab.ca\/' target='_blank' ><img data-no-lazy='1' data-original-title='Le Franco' data-entry-id='10024' src='https:\/\/edmontonfusionfc.com\/wp-content\/uploads\/Le-Franco-journal.jpg'  width='80'  height = '80'  alt='Le Franco' title='' class='lshowcase-thumb'  style='height:auto; max-width:30%;' \/><\/a><\/div><\/div><\/div><div  data-entry-id='13320' class='lshowcase-thumb lshowcase-hover-grayscale lshowcase-wrap-normal ls-premium-partners '><div style=\"padding:0%;\" class=\"lshowcase-box-normal\"><div class=\"lshowcase-boxInner-normal\" style=\"width:200px; text-align:center;\"><a href='https:\/\/www.galeriecava.com\/' target='_blank' ><img data-no-lazy='1' data-original-title='CAVA' data-entry-id='13320' src='https:\/\/edmontonfusionfc.com\/wp-content\/uploads\/logo-CAVA.jpg'  width='80'  height = '80'  alt='CAVA' title='' class='lshowcase-thumb'   \/><\/a><\/div><\/div><\/div><div  data-entry-id='13534' class='lshowcase-thumb lshowcase-hover-grayscale lshowcase-wrap-normal ls-premium-partners '><div style=\"padding:0%;\" class=\"lshowcase-box-normal\"><div class=\"lshowcase-boxInner-normal\" style=\"width:200px; text-align:center;\"><a href='https:\/\/www.francomusik.ca\/' target='_blank' ><img data-no-lazy='1' data-original-title='FrancoMusik' data-entry-id='13534' src='https:\/\/edmontonfusionfc.com\/wp-content\/uploads\/FrancoMusik.jpg'  width='80'  height = '80'  alt='FrancoMusik' title='' class='lshowcase-thumb'   \/><\/a><\/div><\/div><\/div><div  data-entry-id='13535' class='lshowcase-thumb lshowcase-hover-grayscale lshowcase-wrap-normal ls-premium-partners '><div style=\"padding:0%;\" class=\"lshowcase-box-normal\"><div class=\"lshowcase-boxInner-normal\" style=\"width:200px; text-align:center;\"><a href='https:\/\/cdmalberta.ca\/' target='_blank' ><img data-no-lazy='1' data-original-title='CDM Alberta' data-entry-id='13535' src='https:\/\/edmontonfusionfc.com\/wp-content\/uploads\/Centre-de-Developpement-Musical.jpg'  width='80'  height = '80'  alt='CDM Alberta' title='' class='lshowcase-thumb'   \/><\/a><\/div><\/div><\/div><\/div><\/div><div class=\"lshowcase-clear-both\">&nbsp;<\/div>\n<\/div><div class=\"fusion-text fusion-text-10 fusion-text-no-margin\" style=\"margin-top:0px;margin-bottom:0px;\"><p style=\"text-align: center;\"><strong>\u2014 SUPPORTEUR \u2014<\/strong><\/p>\n<div class=\"lshowcase-clear-both\">&nbsp;<\/div><div class=\"lshowcase-logos \"><div  ><div  data-entry-id='6902' class='lshowcase-thumb lshowcase-hover-grayscale lshowcase-wrap-normal ls-supporting-partners '><div style=\"padding:0%;\" class=\"lshowcase-box-normal\"><div class=\"lshowcase-boxInner-normal\" style=\"width:200px; text-align:center;\"><a href='http:\/\/www.lafsfa.ca\/' target='_blank' ><img data-no-lazy='1' data-original-title='FSFA' data-entry-id='6902' src='https:\/\/edmontonfusionfc.com\/wp-content\/uploads\/FSFA.jpg'  width='80'  height = '80'  alt='FSFA' title='' class='lshowcase-thumb'  style='height:auto; max-width:51%;' \/><\/a><\/div><\/div><\/div><div  data-entry-id='9204' class='lshowcase-thumb lshowcase-hover-grayscale lshowcase-wrap-normal ls-supporting-partners '><div style=\"padding:0%;\" class=\"lshowcase-box-normal\"><div class=\"lshowcase-boxInner-normal\" style=\"width:200px; text-align:center;\"><a href='http:\/\/www.rifalberta.com\/' target='_blank' ><img data-no-lazy='1' data-original-title='RIFA' data-entry-id='9204' src='https:\/\/edmontonfusionfc.com\/wp-content\/uploads\/RIFA.jpg'  width='80'  height = '80'  alt='RIFA' title='' class='lshowcase-thumb'  style='height:auto; max-width:50%;' \/><\/a><\/div><\/div><\/div><div  data-entry-id='9539' class='lshowcase-thumb lshowcase-hover-grayscale lshowcase-wrap-normal ls-supporting-partners '><div style=\"padding:0%;\" class=\"lshowcase-box-normal\"><div class=\"lshowcase-boxInner-normal\" style=\"width:200px; text-align:center;\"><a href='https:\/\/www.instagram.com\/11p_apparel\/' target='_blank' ><img data-no-lazy='1' data-original-title='Eleven Performance' data-entry-id='9539' src='https:\/\/edmontonfusionfc.com\/wp-content\/uploads\/Eleven-Performance.jpg'  width='80'  height = '80'  alt='Eleven Performance' title='' class='lshowcase-thumb'  style='height:auto; max-width:70%;' \/><\/a><\/div><\/div><\/div><div  data-entry-id='12115' class='lshowcase-thumb lshowcase-hover-grayscale lshowcase-wrap-normal ls-supporting-partners '><div style=\"padding:0%;\" class=\"lshowcase-box-normal\"><div class=\"lshowcase-boxInner-normal\" style=\"width:200px; text-align:center;\"><a href='https:\/\/www.frap.ca\/' target='_blank' ><img data-no-lazy='1' data-original-title='FRAP-PASE' data-entry-id='12115' src='https:\/\/edmontonfusionfc.com\/wp-content\/uploads\/FRAP.jpg'  width='80'  height = '80'  alt='FRAP-PASE' title='' class='lshowcase-thumb'   \/><\/a><\/div><\/div><\/div><\/div><\/div><div class=\"lshowcase-clear-both\">&nbsp;<\/div>\n<\/div><\/div><\/div><div class=\"fusion-clearfix\"><\/div><\/div><\/div><div class=\"fusion-layout-column fusion_builder_column fusion-builder-column-9 fusion_builder_column_1_1 1_1 fusion-one-full fusion-column-first fusion-column-last\" style=\"margin-top:0px;margin-bottom:-50px;\"><div class=\"fusion-column-wrapper fusion-flex-column-wrapper-legacy\" style=\"background-position:left top;background-repeat:no-repeat;-webkit-background-size:cover;-moz-background-size:cover;-o-background-size:cover;background-size:cover;background-color:rgba(255,255,255,0);padding: 0px 0px 0px 0px;\"><div class=\"imageframe-align-center\"><span class=\" fusion-imageframe imageframe-none imageframe-2 hover-type-none\"><img decoding=\"async\" width=\"150\" height=\"150\" title=\"Edmonton Fusion FC_website 150&#215;150 copy\" data-src=\"http:\/\/edmontonfusionfc.com\/wp-content\/uploads\/Edmonton-Fusion-FC_website-150x150-copy.png\" class=\"img-responsive wp-image-10852 lazyload\" data-srcset=\"https:\/\/edmontonfusionfc.com\/wp-content\/uploads\/\/Edmonton-Fusion-FC_website-150x150-copy-66x66.png 66w, https:\/\/edmontonfusionfc.com\/wp-content\/uploads\/Edmonton-Fusion-FC_website-150x150-copy.png 150w\" data-sizes=\"(max-width: 150px) 100vw, 150px\" src=\"data:image\/svg+xml;base64,PHN2ZyB3aWR0aD0iMSIgaGVpZ2h0PSIxIiB4bWxucz0iaHR0cDovL3d3dy53My5vcmcvMjAwMC9zdmciPjwvc3ZnPg==\" style=\"--smush-placeholder-width: 150px; --smush-placeholder-aspect-ratio: 150\/150;\" \/><\/span><\/div><div class=\"fusion-clearfix\"><\/div><\/div><\/div><\/div><\/div>\n<\/p>\n","protected":false},"excerpt":{"rendered":"","protected":false},"author":1,"featured_media":5196,"parent":0,"menu_order":0,"comment_status":"closed","ping_status":"closed","template":"100-width.php","meta":{"footnotes":""},"class_list":["post-12870","page","type-page","status-publish","has-post-thumbnail","hentry"],"yoast_head":"<!-- This site is optimized with the Yoast SEO plugin v27.5 - https:\/\/yoast.com\/product\/yoast-seo-wordpress\/ -->\n<title>Candidature \u2013 Conseil d\u2019administration - Edmonton Fusion FC<\/title>\n<meta name=\"description\" content=\"Candidature au conseil d&#039;administration. Le Edmonton Fusion FC croit que le croisement d\u2019expertises et d\u2019exp\u00e9riences favorisent l\u2019innovation.\" \/>\n<meta name=\"robots\" content=\"index, follow, max-snippet:-1, max-image-preview:large, max-video-preview:-1\" \/>\n<link rel=\"canonical\" href=\"https:\/\/edmontonfusionfc.com\/fr\/candidature-conseil-dadministration\/\" \/>\n<meta property=\"og:locale\" content=\"fr_FR\" \/>\n<meta property=\"og:type\" content=\"article\" \/>\n<meta property=\"og:title\" content=\"Candidature \u2013 Conseil d\u2019administration - Edmonton Fusion FC\" \/>\n<meta property=\"og:description\" content=\"Candidature au conseil d&#039;administration. Le Edmonton Fusion FC croit que le croisement d\u2019expertises et d\u2019exp\u00e9riences favorisent l\u2019innovation.\" \/>\n<meta property=\"og:url\" content=\"https:\/\/edmontonfusionfc.com\/fr\/candidature-conseil-dadministration\/\" \/>\n<meta property=\"og:site_name\" content=\"Edmonton Fusion FC\" \/>\n<meta property=\"article:publisher\" content=\"https:\/\/www.facebook.com\/EdmontonFusionFC\/\" \/>\n<meta property=\"article:modified_time\" content=\"2022-10-20T22:33:22+00:00\" \/>\n<meta property=\"og:image\" content=\"https:\/\/edmontonfusionfc.com\/wp-content\/uploads\/Edmonton-Fusion-on-CBC.jpg\" \/>\n\t<meta property=\"og:image:width\" content=\"590\" \/>\n\t<meta property=\"og:image:height\" content=\"600\" \/>\n\t<meta property=\"og:image:type\" content=\"image\/jpeg\" \/>\n<meta name=\"twitter:card\" content=\"summary_large_image\" \/>\n<meta name=\"twitter:site\" content=\"@EdmontonFusion\" \/>\n<meta name=\"twitter:label1\" content=\"Dur\u00e9e de lecture estim\u00e9e\" \/>\n\t<meta name=\"twitter:data1\" content=\"11 minutes\" \/>\n<script type=\"application\/ld+json\" class=\"yoast-schema-graph\">{\"@context\":\"https:\\\/\\\/schema.org\",\"@graph\":[{\"@type\":\"WebPage\",\"@id\":\"https:\\\/\\\/edmontonfusionfc.com\\\/fr\\\/candidature-conseil-dadministration\\\/\",\"url\":\"https:\\\/\\\/edmontonfusionfc.com\\\/fr\\\/candidature-conseil-dadministration\\\/\",\"name\":\"Candidature \u2013 Conseil d\u2019administration - Edmonton Fusion FC\",\"isPartOf\":{\"@id\":\"https:\\\/\\\/edmontonfusionfc.com\\\/#website\"},\"primaryImageOfPage\":{\"@id\":\"https:\\\/\\\/edmontonfusionfc.com\\\/fr\\\/candidature-conseil-dadministration\\\/#primaryimage\"},\"image\":{\"@id\":\"https:\\\/\\\/edmontonfusionfc.com\\\/fr\\\/candidature-conseil-dadministration\\\/#primaryimage\"},\"thumbnailUrl\":\"https:\\\/\\\/edmontonfusionfc.com\\\/wp-content\\\/uploads\\\/Edmonton-Fusion-on-CBC.jpg\",\"datePublished\":\"2022-10-20T02:55:54+00:00\",\"dateModified\":\"2022-10-20T22:33:22+00:00\",\"description\":\"Candidature au conseil d'administration. Le Edmonton Fusion FC croit que le croisement d\u2019expertises et d\u2019exp\u00e9riences favorisent l\u2019innovation.\",\"breadcrumb\":{\"@id\":\"https:\\\/\\\/edmontonfusionfc.com\\\/fr\\\/candidature-conseil-dadministration\\\/#breadcrumb\"},\"inLanguage\":\"fr-FR\",\"potentialAction\":[{\"@type\":\"ReadAction\",\"target\":[\"https:\\\/\\\/edmontonfusionfc.com\\\/fr\\\/candidature-conseil-dadministration\\\/\"]}]},{\"@type\":\"ImageObject\",\"inLanguage\":\"fr-FR\",\"@id\":\"https:\\\/\\\/edmontonfusionfc.com\\\/fr\\\/candidature-conseil-dadministration\\\/#primaryimage\",\"url\":\"https:\\\/\\\/edmontonfusionfc.com\\\/wp-content\\\/uploads\\\/Edmonton-Fusion-on-CBC.jpg\",\"contentUrl\":\"https:\\\/\\\/edmontonfusionfc.com\\\/wp-content\\\/uploads\\\/Edmonton-Fusion-on-CBC.jpg\",\"width\":590,\"height\":600},{\"@type\":\"BreadcrumbList\",\"@id\":\"https:\\\/\\\/edmontonfusionfc.com\\\/fr\\\/candidature-conseil-dadministration\\\/#breadcrumb\",\"itemListElement\":[{\"@type\":\"ListItem\",\"position\":1,\"name\":\"Home\",\"item\":\"https:\\\/\\\/edmontonfusionfc.com\\\/fr\\\/\"},{\"@type\":\"ListItem\",\"position\":2,\"name\":\"Candidature \u2013 Conseil d\u2019administration\"}]},{\"@type\":\"WebSite\",\"@id\":\"https:\\\/\\\/edmontonfusionfc.com\\\/#website\",\"url\":\"https:\\\/\\\/edmontonfusionfc.com\\\/\",\"name\":\"Edmonton Fusion FC\",\"description\":\"Beyond Soccer.\",\"potentialAction\":[{\"@type\":\"SearchAction\",\"target\":{\"@type\":\"EntryPoint\",\"urlTemplate\":\"https:\\\/\\\/edmontonfusionfc.com\\\/?s={search_term_string}\"},\"query-input\":{\"@type\":\"PropertyValueSpecification\",\"valueRequired\":true,\"valueName\":\"search_term_string\"}}],\"inLanguage\":\"fr-FR\"}]}<\/script>\n<!-- \/ Yoast SEO plugin. -->","yoast_head_json":{"title":"Candidature \u2013 Conseil d\u2019administration - Edmonton Fusion FC","description":"Candidature au conseil d'administration. Le Edmonton Fusion FC croit que le croisement d\u2019expertises et d\u2019exp\u00e9riences favorisent l\u2019innovation.","robots":{"index":"index","follow":"follow","max-snippet":"max-snippet:-1","max-image-preview":"max-image-preview:large","max-video-preview":"max-video-preview:-1"},"canonical":"https:\/\/edmontonfusionfc.com\/fr\/candidature-conseil-dadministration\/","og_locale":"fr_FR","og_type":"article","og_title":"Candidature \u2013 Conseil d\u2019administration - Edmonton Fusion FC","og_description":"Candidature au conseil d'administration. Le Edmonton Fusion FC croit que le croisement d\u2019expertises et d\u2019exp\u00e9riences favorisent l\u2019innovation.","og_url":"https:\/\/edmontonfusionfc.com\/fr\/candidature-conseil-dadministration\/","og_site_name":"Edmonton Fusion FC","article_publisher":"https:\/\/www.facebook.com\/EdmontonFusionFC\/","article_modified_time":"2022-10-20T22:33:22+00:00","og_image":[{"width":590,"height":600,"url":"https:\/\/edmontonfusionfc.com\/wp-content\/uploads\/Edmonton-Fusion-on-CBC.jpg","type":"image\/jpeg"}],"twitter_card":"summary_large_image","twitter_site":"@EdmontonFusion","twitter_misc":{"Dur\u00e9e de lecture estim\u00e9e":"11 minutes"},"schema":{"@context":"https:\/\/schema.org","@graph":[{"@type":"WebPage","@id":"https:\/\/edmontonfusionfc.com\/fr\/candidature-conseil-dadministration\/","url":"https:\/\/edmontonfusionfc.com\/fr\/candidature-conseil-dadministration\/","name":"Candidature \u2013 Conseil d\u2019administration - Edmonton Fusion FC","isPartOf":{"@id":"https:\/\/edmontonfusionfc.com\/#website"},"primaryImageOfPage":{"@id":"https:\/\/edmontonfusionfc.com\/fr\/candidature-conseil-dadministration\/#primaryimage"},"image":{"@id":"https:\/\/edmontonfusionfc.com\/fr\/candidature-conseil-dadministration\/#primaryimage"},"thumbnailUrl":"https:\/\/edmontonfusionfc.com\/wp-content\/uploads\/Edmonton-Fusion-on-CBC.jpg","datePublished":"2022-10-20T02:55:54+00:00","dateModified":"2022-10-20T22:33:22+00:00","description":"Candidature au conseil d'administration. Le Edmonton Fusion FC croit que le croisement d\u2019expertises et d\u2019exp\u00e9riences favorisent l\u2019innovation.","breadcrumb":{"@id":"https:\/\/edmontonfusionfc.com\/fr\/candidature-conseil-dadministration\/#breadcrumb"},"inLanguage":"fr-FR","potentialAction":[{"@type":"ReadAction","target":["https:\/\/edmontonfusionfc.com\/fr\/candidature-conseil-dadministration\/"]}]},{"@type":"ImageObject","inLanguage":"fr-FR","@id":"https:\/\/edmontonfusionfc.com\/fr\/candidature-conseil-dadministration\/#primaryimage","url":"https:\/\/edmontonfusionfc.com\/wp-content\/uploads\/Edmonton-Fusion-on-CBC.jpg","contentUrl":"https:\/\/edmontonfusionfc.com\/wp-content\/uploads\/Edmonton-Fusion-on-CBC.jpg","width":590,"height":600},{"@type":"BreadcrumbList","@id":"https:\/\/edmontonfusionfc.com\/fr\/candidature-conseil-dadministration\/#breadcrumb","itemListElement":[{"@type":"ListItem","position":1,"name":"Home","item":"https:\/\/edmontonfusionfc.com\/fr\/"},{"@type":"ListItem","position":2,"name":"Candidature \u2013 Conseil d\u2019administration"}]},{"@type":"WebSite","@id":"https:\/\/edmontonfusionfc.com\/#website","url":"https:\/\/edmontonfusionfc.com\/","name":"Edmonton Fusion FC","description":"Beyond Soccer.","potentialAction":[{"@type":"SearchAction","target":{"@type":"EntryPoint","urlTemplate":"https:\/\/edmontonfusionfc.com\/?s={search_term_string}"},"query-input":{"@type":"PropertyValueSpecification","valueRequired":true,"valueName":"search_term_string"}}],"inLanguage":"fr-FR"}]}},"_links":{"self":[{"href":"https:\/\/edmontonfusionfc.com\/fr\/wp-json\/wp\/v2\/pages\/12870","targetHints":{"allow":["GET"]}}],"collection":[{"href":"https:\/\/edmontonfusionfc.com\/fr\/wp-json\/wp\/v2\/pages"}],"about":[{"href":"https:\/\/edmontonfusionfc.com\/fr\/wp-json\/wp\/v2\/types\/page"}],"author":[{"embeddable":true,"href":"https:\/\/edmontonfusionfc.com\/fr\/wp-json\/wp\/v2\/users\/1"}],"replies":[{"embeddable":true,"href":"https:\/\/edmontonfusionfc.com\/fr\/wp-json\/wp\/v2\/comments?post=12870"}],"version-history":[{"count":14,"href":"https:\/\/edmontonfusionfc.com\/fr\/wp-json\/wp\/v2\/pages\/12870\/revisions"}],"predecessor-version":[{"id":12971,"href":"https:\/\/edmontonfusionfc.com\/fr\/wp-json\/wp\/v2\/pages\/12870\/revisions\/12971"}],"wp:featuredmedia":[{"embeddable":true,"href":"https:\/\/edmontonfusionfc.com\/fr\/wp-json\/wp\/v2\/media\/5196"}],"wp:attachment":[{"href":"https:\/\/edmontonfusionfc.com\/fr\/wp-json\/wp\/v2\/media?parent=12870"}],"curies":[{"name":"wp","href":"https:\/\/api.w.org\/{rel}","templated":true}]}}